{"id":1446,"date":"2018-01-28T04:27:01","date_gmt":"2018-01-28T04:27:01","guid":{"rendered":"https:\/\/www.travelhallo.com\/?post_type=product&#038;p=1446"},"modified":"2018-02-18T12:29:42","modified_gmt":"2018-02-18T12:29:42","slug":"barselona","status":"publish","type":"product","link":"https:\/\/www.travelhallo.com\/tr\/tours\/barselona\/","title":{"rendered":"Barselona"},"content":{"rendered":"<p>Katalonya b\u00f6lgesinin en b\u00fcy\u00fck kenti olan Barselona ayn\u0131 zamanda b\u00f6lgenin ba\u015fkentidir. Yakla\u015f\u0131k bir bu\u00e7uk milyon yerle\u015fik n\u00fcfusu ve her mevsim d\u00fcnyan\u0131n d\u00f6rt bir yan\u0131ndan gelen turistler ile kozmopolit bir \u015fehirdir.<br \/>\n\u0130spanya\u2019n\u0131n kuzeydo\u011fu k\u0131y\u0131s\u0131nda yer alan bu \u015fehir en az 2000 y\u0131ll\u0131k bir tarihe sahiptir. O d\u00f6nemde bir Roma yerle\u015fkesi olan Barselona zaman i\u00e7erisinde olduk\u00e7a geli\u015fmi\u015ftir. 20. y\u00fczy\u0131ldaki at\u0131l\u0131mlar\u0131ndan biri 1992 y\u0131l\u0131nda Olimpiyat Oyunlar\u0131\u2019na ev sahipli\u011fi yapmas\u0131 ve ad\u0131n\u0131 daha da fazla duyurmas\u0131d\u0131r. Antik \u00e7a\u011f \u00f6zelliklerinin yan\u0131 s\u0131ra modernizmi de b\u00fcnyesinde bar\u0131nd\u0131ran bu Katalan kenti, a\u00e7\u0131k pazarlar\u0131, restoranlar\u0131, kafeleri, m\u00fczeleri, kiliseleri ve gezilip g\u00f6r\u00fclebilecek daha bir\u00e7ok yeri ile bilinir. Gotik ve modern izlerin de ayn\u0131 anda g\u00f6r\u00fclebilece\u011fi bu \u015fehir Avrupa\u2019daki en pop\u00fcler destinasyonlardan biridir.<\/p>\n<p><!--more--><\/p>\n<p>&nbsp;<\/p>\n<table class=\"table table-bordered tours-tabs__table\" style=\"height: 233px; width: 948.817px;\">\n<tbody>\n<tr>\n<td style=\"width: 271px;\"><strong><span id=\"result_box\" class=\"short_text\" lang=\"nl\"><span class=\"ttl1 arrowup\" data-toggler=\"toggle-ALGEMEEN\">Genel<\/span><\/span><\/strong><\/td>\n<td style=\"width: 655.817px;\"><i class=\"fa fa-check icon-tick icon-tick--on\"><\/i>Keyifli bir Barselona turu<br \/>\n<i class=\"fa fa-check icon-tick icon-tick--on\"><\/i>Tur Lideri ve rehber esliginde programlar<br \/>\n<i class=\"fa fa-check icon-tick icon-tick--on\"><\/i>Ucakli Tur<\/td>\n<\/tr>\n<tr>\n<td style=\"width: 271px;\"><\/td>\n<td style=\"width: 655.817px;\"><\/td>\n<\/tr>\n<tr>\n<td style=\"width: 271px;\"><strong><span id=\"result_box\" class=\"short_text\" lang=\"nl\"><span id=\"toggle-1.2\" class=\"ttl1 gtm\" data-toggler=\"\" data-gtm-entry=\"{&quot;event&quot;:&quot;details accopagina&quot;,&quot;eventCategory&quot;:&quot;details accopagina&quot;,&quot;eventAction&quot;:&quot;informatie&quot;,&quot;eventLabel&quot;:&quot;goed om te weten&quot;}\">Program<\/span><\/span><\/strong><\/td>\n<td style=\"width: 655.817px;\">\u00a0Barcelona\u2019 ya var\u0131\u015f\u0131n ard\u0131ndan yap\u0131lacak panoramik \u015fehir turunda End\u00fcl\u00fcs Arenas\u0131, e\u015fsiz Barcelona manzaras\u0131nda fotograf \u00e7ekilme \u015fans\u0131 yakalayabilece\u011finiz Montjuic Tepesi, Barcelona Liman\u0131, Kristof Kolomb Heykeli(Colon Meydan\u0131), La Sagrada Familia Bazilikas\u0131, \u0130spanya ve Catalunya Meydan\u0131, Gaudi&#8217;nin Evleri (Casa Batllo ve Casa Mila), La Rambla, Port Olimpic g\u00f6r\u00fclecek yerler aras\u0131nda. \u015eehir turunun ard\u0131ndan \u00f6zel otob\u00fcslerimiz ile otelimize trasfer oluyoruz. Geceleme otelimizde.\n<div>Ekstra gezi: <b>Figueras ve Girona Gezisi <\/b> | <b>Yeti\u015fkin: 65 Euro \/ 0-6 Ya\u015f \u00dccretsiz \/07-12 Ya\u015f:30 Euro<\/b><\/div>\n<div class=\"clear\"><\/div>\n<p>M\u00fcsl\u00fcman, H\u0131ristiyan ve Musevi miras\u0131n\u0131n i\u00e7 i\u00e7e ge\u00e7ti\u011fi en g\u00fczel \u00f6rneklerinden biri olan bu \u015fehrin bal\u0131k s\u0131rt\u0131 sokaklar\u0131nda gezerken tarih i\u00e7inde bir seyahate \u00e7\u0131kacak, Eyfel K\u00f6pr\u00fcs\u00fc&#8217;nden ge\u00e7erken nehir k\u0131y\u0131s\u0131ndaki rengarenk evlerle b\u00fcy\u00fclenecek, parf\u00fcm filminin \u00e7ekildi\u011fi sahnelerle b\u00fct\u00fcnle\u015fecek ve \u015fehrin muhte\u015fem tarihi dokusunu soluyacaks\u0131n\u0131z. Gezimizin bir di\u011fer noktas\u0131 Fransa s\u0131n\u0131r\u0131na \u00e7ok yak\u0131n olan, k\u00fc\u00e7\u00fck ve \u015firin bir kasaba olan Figueras. Kasaba \u00f6yle etkileyici bir atmosfere sahiptir ki b\u00fct\u00fcn d\u00fcnyan\u0131n hayranl\u0131k duydu\u011fu s\u0131n\u0131r tan\u0131maz ressam Salvador Dali\u2019ye hayat\u0131 boyunca ilham kayna\u011f\u0131 olmu\u015ftur. Dali\u2019nin hen\u00fcz hayatta iken a\u00e7t\u0131\u011f\u0131 s\u00fcrrealizmi ve \u00f6l\u00fcms\u00fcz a\u015fk\u0131 Gala\u2019y\u0131 resmetti\u011fi, zihinleri zorlayan eserlerinin bulundu\u011fu m\u00fczede tarifsiz bir deneyim ya\u015fayacaks\u0131n\u0131z.<\/p>\n<div>Ekstra gezi: <b>Flamenko Gecesi Gezisi &#8211; Barcelona<\/b> | <b>Yeti\u015fkin: 60 Euro \/ 0-6 Ya\u015f \u00dccretsiz \/07-12 Ya\u015f:30 Euro<\/b><\/div>\n<div class=\"clear\"><\/div>\n<p>Ak\u015fam, otelden hareket ederek \u015fehrin en tan\u0131nm\u0131\u015f ve en iyi performans\u0131n\u0131n sahnelendi\u011fi lokallerinden birinde yemeksiz olarak flamenko \u015fovunu ve danslar\u0131n\u0131 izleme f\u0131rsat\u0131 buluyoruz. \u0130spanya\u2019n\u0131n en \u00fcnl\u00fc k\u00fclt\u00fcrel zenginliklerinden biri olan flamenko \u015fovundan sonra otele d\u00f6n\u00fcyoruz.<\/p>\n<div class=\"clear10\">\n<div>Ekstra gezi: <b>A&#8217; dan Z&#8217; ye Barcelona; Park G\u00fcell, Pueblo Espanyol ve Barri Gotik Gezisi <\/b> | <b>Yeti\u015fkin: 65 Euro \/ 0-6 Ya\u015f \u00dccretsiz \/07-12 Ya\u015f:30 Euro<\/b><\/div>\n<div class=\"clear\"><\/div>\n<p>La Sagrada Familia&#8217; n\u0131n mimar\u0131 Gaudi&#8217; nin en \u00f6nemli eserlerinden biri olan Park G\u00fcell&#8217; i gezerken Gaudi&#8217; nin dehas\u0131na bir kez daha hayran kalacaks\u0131n\u0131z. \u0130spanya&#8217; n\u0131n 17 farkl\u0131 b\u00f6lgesinin ev mimarilerinin, karma bir k\u00f6y \u015feklinde bir araya getirildi\u011fi Pueblo Espanyol&#8217; da ise k\u00fc\u00e7\u00fck bir \u0130spanya turu yaparak g\u00f6rd\u00fckleriniz ve g\u00f6receklerinizin bir \u00f6zetini ya\u015fayarak bu evlerin alt\u0131ndaki hediyelik e\u015fya d\u00fckkanlar\u0131ndan al\u0131\u015fveri\u015f yapman\u0131n keyfine varacaks\u0131n\u0131z. Ard\u0131ndan Barselona&#8217; n\u0131n en mistik b\u00f6lgesine Barri Gotic&#8217; e gidiyoruz. Gotik mimarinin en g\u00fczel \u00f6rneklerini bir b\u00fct\u00fcn halinde g\u00f6rebilece\u011fiz b\u00f6lge Barcelona&#8217; n\u0131n en eski \u015fehir merkezlerinden biridir.<\/p><\/div>\n<p>&nbsp;<\/p><\/td>\n<\/tr>\n<tr>\n<td style=\"width: 271px;\"><strong><span id=\"toggle-3.0\" class=\"ttl1 gtm\" data-toggler=\"\" data-gtm-entry=\"{&quot;event&quot;:&quot;details accopagina&quot;,&quot;eventCategory&quot;:&quot;details accopagina&quot;,&quot;eventAction&quot;:&quot;informatie&quot;,&quot;eventLabel&quot;:&quot;inclusief&quot;}\">Fiyata Dahil Olanlar<\/span><\/strong><\/td>\n<td style=\"width: 655.817px;\"><i class=\"fa fa-check icon-tick icon-tick--on\"><\/i>Ucak bileti, Otel konaklamasi, Kahvalti, Sehir turu<\/td>\n<\/tr>\n<tr>\n<td style=\"width: 271px;\"><strong><span id=\"toggle-3.0\" class=\"ttl1 gtm\" data-toggler=\"\" data-gtm-entry=\"{&quot;event&quot;:&quot;details accopagina&quot;,&quot;eventCategory&quot;:&quot;details accopagina&quot;,&quot;eventAction&quot;:&quot;informatie&quot;,&quot;eventLabel&quot;:&quot;inclusief&quot;}\">Dahil Olmayanlar<\/span><\/strong><\/td>\n<td style=\"width: 655.817px;\"><span id=\"result_box\" lang=\"nl\"><i class=\"fa fa-check icon-tick icon-tick--on\"><\/i>Giris ucretleri<br \/>\n<i class=\"fa fa-check icon-tick icon-tick--on\"><\/i>Extra Turlar<\/span><\/td>\n<\/tr>\n<\/tbody>\n<\/table>\n<p>&nbsp;<\/p>\n","protected":false},"excerpt":{"rendered":"<p>Katalonya b\u00f6lgesinin en b\u00fcy\u00fck kenti olan Barselona ayn\u0131 zamanda b\u00f6lgenin ba\u015fkentidir. Yakla\u015f\u0131k bir bu\u00e7uk milyon yerle\u015fik n\u00fcfusu ve her mevsim d\u00fcnyan\u0131n d\u00f6rt bir yan\u0131ndan gelen turistler ile kozmopolit bir \u015fehirdir. \u0130spanya\u2019n\u0131n kuzeydo\u011fu k\u0131y\u0131s\u0131nda yer alan bu \u015fehir en az 2000 y\u0131ll\u0131k bir tarihe sahiptir. O d\u00f6nemde bir Roma yerle\u015fkesi olan Barselona zaman i\u00e7erisinde olduk\u00e7a geli\u015fmi\u015ftir.<\/p>\n<div class=\"padding-top text-center\"><a href=\"https:\/\/www.travelhallo.com\/tr\/tours\/barselona\/\" class=\"atbtn atbtn--medium atbtn--rounded atbtn--transparent\">Lees meer..<i class=\"atbtn__icon atbtn__icon--right fa fa-long-arrow-right\"><\/i><\/a><\/div>\n","protected":false},"featured_media":1509,"comment_status":"closed","ping_status":"closed","template":"","meta":[],"product_cat":[75],"product_tag":[],"_links":{"self":[{"href":"https:\/\/www.travelhallo.com\/tr\/wp-json\/wp\/v2\/product\/1446"}],"collection":[{"href":"https:\/\/www.travelhallo.com\/tr\/wp-json\/wp\/v2\/product"}],"about":[{"href":"https:\/\/www.travelhallo.com\/tr\/wp-json\/wp\/v2\/types\/product"}],"replies":[{"embeddable":true,"href":"https:\/\/www.travelhallo.com\/tr\/wp-json\/wp\/v2\/comments?post=1446"}],"wp:featuredmedia":[{"embeddable":true,"href":"https:\/\/www.travelhallo.com\/tr\/wp-json\/wp\/v2\/media\/1509"}],"wp:attachment":[{"href":"https:\/\/www.travelhallo.com\/tr\/wp-json\/wp\/v2\/media?parent=1446"}],"wp:term":[{"taxonomy":"product_cat","embeddable":true,"href":"https:\/\/www.travelhallo.com\/tr\/wp-json\/wp\/v2\/product_cat?post=1446"},{"taxonomy":"product_tag","embeddable":true,"href":"https:\/\/www.travelhallo.com\/tr\/wp-json\/wp\/v2\/product_tag?post=1446"}],"curies":[{"name":"wp","href":"https:\/\/api.w.org\/{rel}","templated":true}]}}