{"id":1450,"date":"2018-01-28T04:44:25","date_gmt":"2018-01-28T04:44:25","guid":{"rendered":"https:\/\/www.travelhallo.com\/?post_type=product&#038;p=1450"},"modified":"2018-02-18T12:18:20","modified_gmt":"2018-02-18T12:18:20","slug":"endulus","status":"publish","type":"product","link":"https:\/\/www.travelhallo.com\/tr\/tours\/endulus\/","title":{"rendered":"End\u00fcl\u00fcs"},"content":{"rendered":"<p>Bug\u00fcn \u0130spanya\u2019n\u0131n g\u00fcneyinde bir b\u00f6lge olmaktan \u00e7ok \u00f6te kadim bir medeniyet ve k\u00fclt\u00fcr miras\u0131. Tarihte ise End\u00fcl\u00fcs, \u0130slam, Katolik ve Musevi k\u00fclt\u00fcrlerinin ayn\u0131 potada eriyip m\u00fckemmel bir kar\u0131\u015f\u0131m olu\u015fturdu\u011fu, 750 y\u0131l boyunca \u0130ber Yar\u0131madas\u0131na h\u00fckmetmi\u015f, bir\u00e7ok ilklere imza atm\u0131\u015f ve d\u00fcnya k\u00fclt\u00fcr ve bilim miras\u0131na \u00f6nemli eserler b\u0131rakm\u0131\u015f bir medeniyet. 711 y\u0131l\u0131nda Kuzey Afrikal\u0131 berberi komutan Tar\u0131k Bin Ziyad\u2019\u0131n bug\u00fcn ad\u0131n\u0131 verdi\u011fi Cebel-i Tar\u0131k bo\u011faz\u0131ndan fethetti\u011fi \u0130ber Yar\u0131madas\u0131, tarihte g\u00f6r\u00fclmemi\u015f geli\u015fmi\u015flikte bir d\u00f6nemin do\u011fu\u015funu ba\u015flatt\u0131. Bin Ziyad s\u0131f\u0131rdan ba\u015flamak yeni bir medeniyet kurmak ve bir daha Afrika k\u0131tas\u0131na d\u00f6nmemek i\u00e7in t\u00fcm gemileri yakma emri verdi. Bug\u00fcn dilimizde \u2018\u2019Gemileri Yakmak\u2019\u2019 deyimi 1300 y\u0131l \u00f6nceki bu tarihi olaydan gelmekte. Her dine inan\u00e7 \u00f6zg\u00fcrl\u00fc\u011f\u00fc tan\u0131yan ve her inan\u00e7 kesiminin \u00f6zg\u00fcrce beraber ya\u015famas\u0131 i\u00e7in bir ortam olu\u015fturan Ma\u011fribiler (Emeviler) o g\u00fcn i\u00e7in devrim say\u0131labilecek bir sosyal sistem olu\u015fturdular. \u0130n\u015faa edilen saraylar ve yap\u0131lan icatlar ile bilim ve sanat\u0131n zirvesine \u00e7\u0131kt\u0131lar. Bir\u00e7ok kitap End\u00fcl\u00fcs Musevileri taraf\u0131ndan Latinceye \u00e7evrildi ve bu sayede matematik, kimya, fizik, mimarl\u0131k ve felsefe ile ilgili kitaplar Avrupa\u2019ya yay\u0131ld\u0131. Bug\u00fcn uzmanlar R\u00f6nesans\u2019\u0131n temelini End\u00fcl\u00fcs Medeniyetinin att\u0131\u011f\u0131na dair hem fikir. Ayr\u0131ca g\u00fcn\u00fcm\u00fczde \u00f6nemli yeri olan ka\u011f\u0131t, ipek, barut, ve pusula gibi icatlar da t\u00fcccar M\u00fcsl\u00fcman Araplar taraf\u0131ndan d\u00fcnyaya yay\u0131ld\u0131.<\/p>\n<p><!--more--><\/p>\n<p>&nbsp;<\/p>\n<table class=\"table table-bordered tours-tabs__table\" style=\"height: 233px; width: 948.817px;\">\n<tbody>\n<tr>\n<td style=\"width: 271px;\"><strong><span id=\"result_box\" class=\"short_text\" lang=\"nl\"><span class=\"ttl1 arrowup\" data-toggler=\"toggle-ALGEMEEN\">Genel<\/span><\/span><\/strong><\/td>\n<td style=\"width: 655.817px;\"><i class=\"fa fa-check icon-tick icon-tick--on\"><\/i>Sehir turu<br \/>\n<i class=\"fa fa-check icon-tick icon-tick--on\"><\/i>Genis kapsamli program<br \/>\n<i class=\"fa fa-check icon-tick icon-tick--on\"><\/i>Ucakli Gezi<\/td>\n<\/tr>\n<tr>\n<td style=\"width: 271px;\"><strong><span id=\"result_box\" class=\"short_text\" lang=\"nl\"><span class=\"ttl1 arrowup\" data-toggler=\"toggle-1.1\">Yemekler<\/span><\/span><\/strong><\/td>\n<td style=\"width: 655.817px;\"><i class=\"fa fa-check icon-tick icon-tick--on\"><\/i>Kahvalti dahil<\/td>\n<\/tr>\n<tr>\n<td style=\"width: 271px;\"><strong><span id=\"result_box\" class=\"short_text\" lang=\"nl\"><span id=\"toggle-1.2\" class=\"ttl1 gtm\" data-toggler=\"\" data-gtm-entry=\"{&quot;event&quot;:&quot;details accopagina&quot;,&quot;eventCategory&quot;:&quot;details accopagina&quot;,&quot;eventAction&quot;:&quot;informatie&quot;,&quot;eventLabel&quot;:&quot;goed om te weten&quot;}\">Tur Programi<\/span><\/span><\/strong><\/td>\n<td style=\"width: 655.817px;\">\n<h3>1.G\u00dcN \u0130STANBUL \u2013 MALAGA &#8211; GRANADA (125 KM) (AL HAMBRA)<\/h3>\n<p>Amsterdam Schiphol\u00a0D\u0131\u015f Hatlar Terminalinde bulusma ve Malaga&#8217;ya hareket.\u00a0Malaga&#8217;ya ini\u015fimizi\u00a0takiben bizi bekleyen \u00f6zel otob\u00fcs\u00fcm\u00fcz ile Granada&#8217;ya\u00a0hareket ve panoramik Granada \u015fehir turu. \u015eehir turunun ard\u0131ndan\u00a0serbest zaman.\u00a0 <strong>ekstra Al Hambra Saray\u0131 <\/strong>turu\u00a0<strong>(Saray ziyareti m\u00fcsaitli\u011fe ba\u011fl\u0131 olarak ger\u00e7ekle\u015ftirilmekte olup m\u00fcsaitlik olmamas\u0131 durumunda sadece bah\u00e7esi gezilecektir.)\u00a0 <\/strong>\u00a0Al Hambra, Granada&#8217;ya hakim bir tepe \u00fczerindeki d\u00fczl\u00fckte, savunma kalesi ve saray olarak yap\u0131lm\u0131\u015ft\u0131r. Bu y\u00fczden d\u0131\u015far\u0131dan biraz hantal g\u00f6r\u00fcn\u00fcr. Fakat hantal kale duvarlar\u0131n\u0131n i\u00e7inde e\u015fsiz g\u00fczellikte bir sarayla kar\u015f\u0131la\u015f\u0131l\u0131r. Duvarlar\u0131nda k\u0131rm\u0131z\u0131 tu\u011fla, dam\u0131nda k\u0131rm\u0131z\u0131 kiremit kullan\u0131ld\u0131\u011f\u0131 i\u00e7in ad\u0131na da Elhamra, yani &#8220;K\u0131rm\u0131z\u0131&#8221; denmi\u015ftir. Tur bitimi otele transfer, odalara yerle\u015fme ve serbest zaman. Geceleme otelimizde.<\/p>\n<h3>2.G\u00dcN GRANADA &#8211; CORDOBA (201 KM) (CORDOBA CAMII)-SEV\u0130LLA (140 KM) (ALCAZAR &amp; KATEDRAL)<\/h3>\n<p>Sabah kahvalt\u0131s\u0131 ard\u0131ndan odalar\u0131n bo\u015falt\u0131lmas\u0131 ve \u00f6zel arac\u0131m\u0131z ile\u00a0Cordoba\u2019ya hareket. Cordoba \u2018ya var\u0131\u015fta yap\u0131lacak olan panaromik \u015fehir turumuzda;\u00a0yap\u0131m\u0131na 785 y\u0131l\u0131nda ba\u015flanan ve 987 de tamamlanan, Bat\u0131 islam sanat\u0131n\u0131n en etkili yap\u0131lar\u0131ndan biri olan Cordoba Camii (d\u0131\u015far\u0131dan g\u00f6r\u00fclecektir.) ve\u00a0Musevi Mahallesi g\u00f6r\u00fclecek yerler aras\u0131ndad\u0131r. Verilecek k\u0131sa bir molan\u0131n ard\u0131ndan\u00a0arzu eden misafirlerimiz ile <strong>ekstra Cordoba Camii <\/strong>turunu ger\u00e7ekle\u015ftiriyoruz.\u00a0Tur bitimi Sevilla&#8217;ya hareket panoramik Sevilla \u015fehir gezisinde; Muvahhit\u2019ler d\u00f6neminden kalma eski Ulu Camii\u2019nin yerine 15. yy da in\u015faa edilmeye ba\u015flanan katedral (d\u0131\u015far\u0131dan), Arap, Gotik ve R\u00f6nesans tarz\u0131 saraylar\u0131n yanyana y\u00fckseldi\u011fi Krall\u0131k Malikanesi Alcazar (d\u0131\u015far\u0131dan),\u00a0Alt\u0131n Kule denilen 13.YY&#8217;dan kalma kale, Belediye Saray\u0131 g\u00f6r\u00fclecek yerler aras\u0131ndad\u0131r. Tur bitimi arzu eden misafirlerimiz ile <strong>ekstra\u00a0Alcazar &amp; Katedral <\/strong>turuna kat\u0131l\u0131yoruz. Otelimize transfer, odalara yerle\u015fme\u00a0ve serbest zaman. Geceleme otelimizde<\/p>\n<h3>3.G\u00dcN SEV\u0130LLA (RONDA) (FLAMENKO)<\/h3>\n<p>Sabah kahvalt\u0131 sonras\u0131 tam g\u00fcn serbest zaman. Arzu eden misafirlerimiz <strong>ekstra <\/strong>d\u00fczenlenecek olan<strong>\u00a0Ronda <\/strong>turuna kat\u0131labilirler.\u00a0D\u00fcnyaca \u00fcnl\u00fc\u00a0 tarih kokan Ronda \u015fehir gezisi sonras\u0131 Sevilla&#8217;daki\u00a0otelimize\u00a0hareket ve serbest zaman.\u00a0Ak\u015fam arzu eden misafirlerimiz ile <strong>ekstra Flamenko\u00a0Show\u00a0<\/strong>izlemek i\u00e7in otelden hareket.<strong>\u00a0<\/strong>Geceleme otelimizde.<\/p>\n<h3>4.G\u00dcN SEV\u0130LLA &#8211; MALAGA (210 KM) &#8211; AMSTERDAM<\/h3>\n<p>Sabah kahvalt\u0131 sonras\u0131 odalar\u0131n bo\u015falt\u0131lmas\u0131 ve Malagaya\u00a0hareket. Ucus saatimize gore Malagayi ziyaret ediyoruz. Bilet, pasaport\u00a0ve g\u00fcmr\u00fck i\u015flemlerinin ard\u0131ndan\u00a0geri donus.<\/p><\/td>\n<\/tr>\n<tr>\n<td style=\"width: 271px;\"><strong><span id=\"toggle-3.0\" class=\"ttl1 gtm\" data-toggler=\"\" data-gtm-entry=\"{&quot;event&quot;:&quot;details accopagina&quot;,&quot;eventCategory&quot;:&quot;details accopagina&quot;,&quot;eventAction&quot;:&quot;informatie&quot;,&quot;eventLabel&quot;:&quot;inclusief&quot;}\">Dahil Olanlar<\/span><\/strong><\/td>\n<td style=\"width: 655.817px;\"><i class=\"fa fa-check icon-tick icon-tick--on\"><\/i>Ucus, Transaferler, Otel konaklamasi ve kahvalti<\/td>\n<\/tr>\n<tr>\n<td style=\"width: 271px;\"><strong><span id=\"toggle-3.0\" class=\"ttl1 gtm\" data-toggler=\"\" data-gtm-entry=\"{&quot;event&quot;:&quot;details accopagina&quot;,&quot;eventCategory&quot;:&quot;details accopagina&quot;,&quot;eventAction&quot;:&quot;informatie&quot;,&quot;eventLabel&quot;:&quot;inclusief&quot;}\">Dahil Olmayanlar<\/span><\/strong><\/td>\n<td style=\"width: 655.817px;\"><span id=\"result_box\" lang=\"nl\"><i class=\"fa fa-check icon-tick icon-tick--on\"><\/i>Muze girisleri<br \/>\n<i class=\"fa fa-check icon-tick icon-tick--on\"><\/i>Extra sunulan turlar<\/span><\/td>\n<\/tr>\n<\/tbody>\n<\/table>\n<p>&nbsp;<\/p>\n","protected":false},"excerpt":{"rendered":"<p>Bug\u00fcn \u0130spanya\u2019n\u0131n g\u00fcneyinde bir b\u00f6lge olmaktan \u00e7ok \u00f6te kadim bir medeniyet ve k\u00fclt\u00fcr miras\u0131. Tarihte ise End\u00fcl\u00fcs, \u0130slam, Katolik ve Musevi k\u00fclt\u00fcrlerinin ayn\u0131 potada eriyip m\u00fckemmel bir kar\u0131\u015f\u0131m olu\u015fturdu\u011fu, 750 y\u0131l boyunca \u0130ber Yar\u0131madas\u0131na h\u00fckmetmi\u015f, bir\u00e7ok ilklere imza atm\u0131\u015f ve d\u00fcnya k\u00fclt\u00fcr ve bilim miras\u0131na \u00f6nemli eserler b\u0131rakm\u0131\u015f bir medeniyet. 711 y\u0131l\u0131nda Kuzey Afrikal\u0131 berberi<\/p>\n<div class=\"padding-top text-center\"><a href=\"https:\/\/www.travelhallo.com\/tr\/tours\/endulus\/\" class=\"atbtn atbtn--medium atbtn--rounded atbtn--transparent\">Lees meer..<i class=\"atbtn__icon atbtn__icon--right fa fa-long-arrow-right\"><\/i><\/a><\/div>\n","protected":false},"featured_media":1567,"comment_status":"closed","ping_status":"closed","template":"","meta":[],"product_cat":[75],"product_tag":[],"_links":{"self":[{"href":"https:\/\/www.travelhallo.com\/tr\/wp-json\/wp\/v2\/product\/1450"}],"collection":[{"href":"https:\/\/www.travelhallo.com\/tr\/wp-json\/wp\/v2\/product"}],"about":[{"href":"https:\/\/www.travelhallo.com\/tr\/wp-json\/wp\/v2\/types\/product"}],"replies":[{"embeddable":true,"href":"https:\/\/www.travelhallo.com\/tr\/wp-json\/wp\/v2\/comments?post=1450"}],"wp:featuredmedia":[{"embeddable":true,"href":"https:\/\/www.travelhallo.com\/tr\/wp-json\/wp\/v2\/media\/1567"}],"wp:attachment":[{"href":"https:\/\/www.travelhallo.com\/tr\/wp-json\/wp\/v2\/media?parent=1450"}],"wp:term":[{"taxonomy":"product_cat","embeddable":true,"href":"https:\/\/www.travelhallo.com\/tr\/wp-json\/wp\/v2\/product_cat?post=1450"},{"taxonomy":"product_tag","embeddable":true,"href":"https:\/\/www.travelhallo.com\/tr\/wp-json\/wp\/v2\/product_tag?post=1450"}],"curies":[{"name":"wp","href":"https:\/\/api.w.org\/{rel}","templated":true}]}}